{"id":16125,"date":"2022-02-10T09:16:13","date_gmt":"2022-02-10T09:16:13","guid":{"rendered":"https:\/\/cargor.biz\/?page_id=16125"},"modified":"2022-06-09T11:24:49","modified_gmt":"2022-06-09T11:24:49","slug":"privacy-policy","status":"publish","type":"page","link":"https:\/\/cargor.biz\/en\/privacy-policy\/","title":{"rendered":"Privacy Policy"},"content":{"rendered":"<p>[vc_row css_animation=&#8221;&#8221; row_type=&#8221;row&#8221; use_row_as_full_screen_section=&#8221;no&#8221; type=&#8221;full_width&#8221; angled_section=&#8221;no&#8221; text_align=&#8221;left&#8221; background_image_as_pattern=&#8221;without_pattern&#8221; css=&#8221;.vc_custom_1582635063103{padding-top: 50px !important;}&#8221; z_index=&#8221;&#8221;][vc_column][vc_column_text]La presente Pol\u00edtica de Privacidad regula el uso del servicio del portal de Internet con direcci\u00f3n https:\/\/cargor.biz\/ cuyo responsable a efectos identificativos son:<\/p>\n<ul>\n<li>Responsable: Cargor Bizkaia S.L.<\/li>\n<li>CIF: B95243010<\/li>\n<li>Direcci\u00f3n: C\/ Puerto de Bilbao, zona ZAL muelle AZ3, Zierbana, 48508, Bizkaia.<\/li>\n<li>Tel\u00e9fono: (+34) 944 934 062<\/li>\n<\/ul>\n<h2>Finalidad, \u00bfPara qu\u00e9 tratamos sus datos?<\/h2>\n<p>A efecto de lo previsto en RGPD de 27 de abril de 2016, y la LO 3\/2018, trataremos los datos que recojamos para las siguientes finalidades:<\/p>\n<ul>\n<li>Gestionar su navegaci\u00f3n en la web, en su caso.<\/li>\n<li>Contactar con usted en caso de que as\u00ed nos lo pida.<\/li>\n<\/ul>\n<p>Para ello el usuario dispondr\u00e1 de un formulario de registro cuya cumplimentaci\u00f3n legitimar\u00e1 al interesado al acceso y disfrute de determinados servicios ofrecidos en la web.<\/p>\n<p>No obstante, se informa al usuario que en todo formulario de contacto el mismo ser\u00e1 informado del uso que se har\u00e1 de los datos obtenidos y, si son utilizados para un fin distinto, dicho consentimiento se obtendr\u00e1 previamente y de manera expresa.<\/p>\n<p>Si el consentimiento del interesado se da en el contexto de una declaraci\u00f3n escrita que tambi\u00e9n se refiera a otros asuntos, la solicitud de consentimiento se presentar\u00e1 de tal forma que se distinga claramente de los dem\u00e1s asuntos, de forma inteligible y de f\u00e1cil acceso y utilizando un lenguaje claro y sencillo, de conformidad con el art\u00edculo 7.2 del RGPD de 27 de abril de 2016.<\/p>\n<h2>Legitimaci\u00f3n, \u00bfCu\u00e1l es la legitimaci\u00f3n para el tratamiento de sus datos?<\/h2>\n<p>La base legal para el tratamiento de sus datos se basar\u00e1 en:<\/p>\n<ul>\n<li>El consentimiento del interesado, para el tratamiento de sus datos, conforme el art\u00edculo 6. 1. a) del Reglamento General Europeo de Protecci\u00f3n de Datos. En dicho caso se recaba el consentimiento y el acuerdo celebrado con los interesados a trav\u00e9s del formulario de contacto, habilitado el usuario la casilla &#8220;Acepto la Pol\u00edtica de Privacidad&#8221;.<\/li>\n<li>La necesaria ejecuci\u00f3n de un contrato en el que el interesado es parte o para la aplicaci\u00f3n a petici\u00f3n de este de medidas precontractuales, conforme el art\u00edculo 6. 1. b) del Reglamento General Europeo de Protecci\u00f3n de Datos.<\/li>\n<\/ul>\n<h2>Destinatarios \u00bfA qui\u00e9n comunicamos tus datos?<\/h2>\n<p>Los datos personales no ser\u00e1n objeto de cesi\u00f3n salvo en el cumplimiento de obligaciones legalmente establecidas o para dar soporte a los servicios vinculados a este tratamiento.<\/p>\n<h2>Conservaci\u00f3n, \u00bfDurante cu\u00e1nto tiempo conservamos tus datos?<\/h2>\n<p>Conservaremos sus datos de car\u00e1cter personal durante al menos 5 a\u00f1os en caso de que sea cliente y para el estricto cumplimiento de las obligaciones legales establecidas en la normativa.<\/p>\n<p>En caso de no ser cliente conservaremos sus datos el m\u00ednimo tiempo indispensable para gestionar nuestra relaci\u00f3n.<\/p>\n<h2>Derechos, \u00bfCu\u00e1les son tus derechos cuando nos facilitas tus datos?<\/h2>\n<p>Como consecuencia del tratamiento de sus datos personales por parte del &#8220;Grupo Nova Finques&#8221;, la legislaci\u00f3n vigente le otorga una serie de derechos. A continuaci\u00f3n, le ofrecemos una explicaci\u00f3n resumida de cada derecho, para facilitarle su ejercicio:<\/p>\n<ul>\n<li><strong>Derecho de acceso<\/strong>: Ud. tendr\u00e1 derecho a conocer los datos personales que tratamos sobre Ud. y las finalidades con las que los tratamos.<\/li>\n<li><strong>Derecho de rectificaci\u00f3n<\/strong>: Sus datos siempre ser\u00e1n suyos, y como tal, puede solicitarnos la rectificaci\u00f3n de los mismos en cualquier momento si los que constaran en nuestros registros fueran err\u00f3neos.<\/li>\n<li><strong>Derecho de supresi\u00f3n<\/strong>: Podr\u00e1 solicitar, en cualquier momento, que sus datos personales sean suprimidos de nuestros ficheros. Sin embargo, y tal y como indicamos en el apartado de conservaci\u00f3n de datos anterior, tenga en cuenta que, en determinadas circunstancias el cumplimiento de la legislaci\u00f3n vigente puede impedir el efectivo ejercicio de este derecho.<\/li>\n<li><strong>Derecho de oposici\u00f3n<\/strong>: Ud. podr\u00e1 oponerse al tratamiento de sus datos en relaci\u00f3n con cualesquiera de las finalidades con las que tratemos sus datos, de acuerdo con las pol\u00edticas de privacidad aplicables en cada caso.<\/li>\n<li><strong>Derecho de limitaci\u00f3n del tratamiento<\/strong>: Ud. podr\u00e1 solicitar la limitaci\u00f3n del tratamiento en los siguientes casos:<br \/>\n&#8211; Si considera que los datos que mantenemos acerca de Ud. no son correctos o exactos;<br \/>\n&#8211; Si, en caso de que Ud. considere que no estamos tratando sus datos de forma leg\u00edtima, pero prefiere que limitemos el tratamiento de los mismos a su eliminaci\u00f3n;<br \/>\n&#8211; Si los datos que mantenemos ya no nos son necesarios conforme a la finalidad para los que los recabamos, pero necesita que los conservemos para interponer reclamaciones legales;<br \/>\n&#8211; Si, habiendo ejercido el derecho de oposici\u00f3n a alg\u00fan tratamiento, est\u00e1 pendiente de respuesta al respecto por nuestra parte.<\/li>\n<li><strong>Derecho a la portabilidad de sus datos<\/strong>: Ud. tendr\u00e1 derecho a, siempre que sea posible t\u00e9cnicamente y sea razonable, solicitar que los datos personales que Ud. nos haya proporcionado directamente sean comunicados a otro responsable del tratamiento. Si nos es posible, facilitaremos directamente sus datos a dicho otro responsable del tratamiento, pero si no lo fuera, se los facilitaremos a Ud. en un formato est\u00e1ndar.<\/li>\n<\/ul>\n<p>Siempre que tratemos sus datos en base al consentimiento, podr\u00e1 revocarlo en cualquier momento, sin que tenga consecuencias para Ud. m\u00e1s all\u00e1 de, seg\u00fan el derecho ejercido, no poder prestarle determinados servicios.<\/p>\n<p>El ejercicio de los derechos que ostenta podr\u00e1 hacerlo efectivo ante Cargor Bizkaia S.L. a trav\u00e9s de la direcci\u00f3n contemplado en el encabezamiento de la presente pol\u00edtica de privacidad.<\/p>\n<p>En caso de que no quiera ejercer un derecho en concreto, pero tenga la necesidad de realizar una consulta o sugerencia en relaci\u00f3n con el tratamiento de sus datos de car\u00e1cter personal tambi\u00e9n podr\u00e1 dirigirse al responsable del Tratamiento correspondiente, (contemplado en el encabezamiento del documento).<\/p>\n<p>Tenga en cuenta que siempre, en todo caso, podr\u00e1 presentar una reclamaci\u00f3n ante la Autoridad Competente en materia de protecci\u00f3n de datos si considera que no hemos tratado sus datos de forma l\u00edcita o que no hemos atendido sus solicitudes o derechos.<\/p>\n<p>En Espa\u00f1a, dicha Autoridad Competente es la Agencia Espa\u00f1ola de Protecci\u00f3n de Datos.<\/p>\n<h2>Consentimientos menores, \u00bfQu\u00e9 pasa si eres menor de edad?<\/h2>\n<p>En el supuesto que algunos de nuestros servicios vayan dirigidos espec\u00edficamente a menores de catorce a\u00f1os, solicitaremos la conformidad de los padres o tutores para la recogida de los datos personales o, en su caso, para el tratamiento automatizado de los datos conforme el art\u00edculo 7 de la LOPDGDD.<\/p>\n<h2>Exactitud, veracidad y seguridad de los datos, \u00bfC\u00f3mo tratamos tus datos?<\/h2>\n<p>El Usuario es el \u00fanico responsable de la veracidad y correcci\u00f3n de los datos incluidos, exoner\u00e1ndonos de cualquier responsabilidad al respecto. Los usuarios garantizan y responden, en cualquier caso, de la exactitud, vigencia y autenticidad de los datos personales facilitados, y se comprometen a mantenerlos debidamente actualizados. El usuario acepta proporcionar informaci\u00f3n completa y correcta en los formularios de registro o suscripci\u00f3n. No responderemos de la veracidad de las informaciones que no sean de elaboraci\u00f3n propia y de las que se indique otra fuente, por lo que tampoco asume responsabilidad alguna en cuanto a hipot\u00e9ticos perjuicios que pudieran originarse por el uso de dicha informaci\u00f3n.<\/p>\n<p>Tambi\u00e9n reservaremos el derecho a actualizar, modificar o eliminar la informaci\u00f3n contenida en la web pudiendo incluso limitar o no permitir el acceso a dicha informaci\u00f3n.<br \/>\nNo seremos responsables ante cualquier da\u00f1o o perjuicio que pudiera sufrir el Usuario como consecuencia de errores, defectos u omisiones, en la informaci\u00f3n facilitada por el responsable siempre que proceda de fuentes ajenas.<\/p>\n<p>Los datos ser\u00e1n tratados de forma confidencial y bajo el sometimiento a medidas t\u00e9cnicas y organizativas de seguridad adecuadas para evitar su alteraci\u00f3n, p\u00e9rdida, tratamiento o acceso no autorizado.<\/p>\n<p>Podr\u00e1 presentar una reclamaci\u00f3n ante la Agencia Espa\u00f1ola de Protecci\u00f3n de Datos, especialmente cuando no haya obtenido satisfacci\u00f3n en el ejercicio de sus derechos, en la direcci\u00f3n postal y\/o electr\u00f3nica indicada en la p\u00e1gina www.aepd.es.[\/vc_column_text][vc_empty_space height=&#8221;50px&#8221;][\/vc_column][\/vc_row]<\/p>\n","protected":false},"excerpt":{"rendered":"<p>[vc_row css_animation=&#8221;&#8221; row_type=&#8221;row&#8221; use_row_as_full_screen_section=&#8221;no&#8221; type=&#8221;full_width&#8221; angled_section=&#8221;no&#8221; text_align=&#8221;left&#8221; background_image_as_pattern=&#8221;without_pattern&#8221; css=&#8221;.vc_custom_1582635063103{padding-top: 50px !important;}&#8221; z_index=&#8221;&#8221;][vc_column][vc_column_text]La presente Pol\u00edtica de Privacidad regula el uso del servicio del portal de Internet con direcci\u00f3n https:\/\/cargor.biz\/ cuyo responsable a efectos identificativos son: Responsable: Cargor Bizkaia S.L. CIF: B95243010 Direcci\u00f3n: C\/ Puerto de Bilbao,&#8230;<\/p>\n","protected":false},"author":2,"featured_media":0,"parent":0,"menu_order":20,"comment_status":"closed","ping_status":"closed","template":"","meta":{"footnotes":""},"class_list":["post-16125","page","type-page","status-publish","hentry"],"yoast_head":"<!-- This site is optimized with the Yoast SEO plugin v28.2 - https:\/\/yoast.com\/product\/yoast-seo-wordpress\/ -->\n<title>Privacy Policy | Cargor Bizkaia, SL<\/title>\n<meta name=\"robots\" content=\"noindex, nofollow\" \/>\n<meta property=\"og:locale\" content=\"en_US\" \/>\n<meta property=\"og:type\" content=\"article\" \/>\n<meta property=\"og:title\" content=\"Privacy Policy | Cargor Bizkaia, SL\" \/>\n<meta property=\"og:description\" content=\"[vc_row css_animation=&#8221;&#8221; row_type=&#8221;row&#8221; use_row_as_full_screen_section=&#8221;no&#8221; type=&#8221;full_width&#8221; angled_section=&#8221;no&#8221; text_align=&#8221;left&#8221; background_image_as_pattern=&#8221;without_pattern&#8221; css=&#8221;.vc_custom_1582635063103{padding-top: 50px !important;}&#8221; z_index=&#8221;&#8221;][vc_column][vc_column_text]La presente Pol\u00edtica de Privacidad regula el uso del servicio del portal de Internet con direcci\u00f3n https:\/\/cargor.biz\/ cuyo responsable a efectos identificativos son: Responsable: Cargor Bizkaia S.L. CIF: B95243010 Direcci\u00f3n: C\/ Puerto de Bilbao,...\" \/>\n<meta property=\"og:url\" content=\"https:\/\/cargor.biz\/en\/privacy-policy\/\" \/>\n<meta property=\"og:site_name\" content=\"Cargor Bizkaia, SL\" \/>\n<meta property=\"article:modified_time\" content=\"2022-06-09T11:24:49+00:00\" \/>\n<meta name=\"twitter:card\" content=\"summary_large_image\" \/>\n<meta name=\"twitter:label1\" content=\"Est. reading time\" \/>\n\t<meta name=\"twitter:data1\" content=\"6 minutes\" \/>\n<script type=\"application\/ld+json\" class=\"yoast-schema-graph\">{\"@context\":\"https:\\\/\\\/schema.org\",\"@graph\":[{\"@type\":\"WebPage\",\"@id\":\"https:\\\/\\\/cargor.biz\\\/en\\\/privacy-policy\\\/\",\"url\":\"https:\\\/\\\/cargor.biz\\\/en\\\/privacy-policy\\\/\",\"name\":\"Privacy Policy | Cargor Bizkaia, SL\",\"isPartOf\":{\"@id\":\"https:\\\/\\\/cargor.biz\\\/en\\\/#website\"},\"datePublished\":\"2022-02-10T09:16:13+00:00\",\"dateModified\":\"2022-06-09T11:24:49+00:00\",\"breadcrumb\":{\"@id\":\"https:\\\/\\\/cargor.biz\\\/en\\\/privacy-policy\\\/#breadcrumb\"},\"inLanguage\":\"en-US\",\"potentialAction\":[{\"@type\":\"ReadAction\",\"target\":[\"https:\\\/\\\/cargor.biz\\\/en\\\/privacy-policy\\\/\"]}]},{\"@type\":\"BreadcrumbList\",\"@id\":\"https:\\\/\\\/cargor.biz\\\/en\\\/privacy-policy\\\/#breadcrumb\",\"itemListElement\":[{\"@type\":\"ListItem\",\"position\":1,\"name\":\"Portada\",\"item\":\"https:\\\/\\\/cargor.biz\\\/en\\\/\"},{\"@type\":\"ListItem\",\"position\":2,\"name\":\"Privacy Policy\"}]},{\"@type\":\"WebSite\",\"@id\":\"https:\\\/\\\/cargor.biz\\\/en\\\/#website\",\"url\":\"https:\\\/\\\/cargor.biz\\\/en\\\/\",\"name\":\"Cargor Bizkaia, SL\",\"description\":\"\",\"potentialAction\":[{\"@type\":\"SearchAction\",\"target\":{\"@type\":\"EntryPoint\",\"urlTemplate\":\"https:\\\/\\\/cargor.biz\\\/en\\\/?s={search_term_string}\"},\"query-input\":{\"@type\":\"PropertyValueSpecification\",\"valueRequired\":true,\"valueName\":\"search_term_string\"}}],\"inLanguage\":\"en-US\"}]}<\/script>\n<!-- \/ Yoast SEO plugin. -->","yoast_head_json":{"title":"Privacy Policy | Cargor Bizkaia, SL","robots":{"index":"noindex","follow":"nofollow"},"og_locale":"en_US","og_type":"article","og_title":"Privacy Policy | Cargor Bizkaia, SL","og_description":"[vc_row css_animation=&#8221;&#8221; row_type=&#8221;row&#8221; use_row_as_full_screen_section=&#8221;no&#8221; type=&#8221;full_width&#8221; angled_section=&#8221;no&#8221; text_align=&#8221;left&#8221; background_image_as_pattern=&#8221;without_pattern&#8221; css=&#8221;.vc_custom_1582635063103{padding-top: 50px !important;}&#8221; z_index=&#8221;&#8221;][vc_column][vc_column_text]La presente Pol\u00edtica de Privacidad regula el uso del servicio del portal de Internet con direcci\u00f3n https:\/\/cargor.biz\/ cuyo responsable a efectos identificativos son: Responsable: Cargor Bizkaia S.L. CIF: B95243010 Direcci\u00f3n: C\/ Puerto de Bilbao,...","og_url":"https:\/\/cargor.biz\/en\/privacy-policy\/","og_site_name":"Cargor Bizkaia, SL","article_modified_time":"2022-06-09T11:24:49+00:00","twitter_card":"summary_large_image","twitter_misc":{"Est. reading time":"6 minutes"},"schema":{"@context":"https:\/\/schema.org","@graph":[{"@type":"WebPage","@id":"https:\/\/cargor.biz\/en\/privacy-policy\/","url":"https:\/\/cargor.biz\/en\/privacy-policy\/","name":"Privacy Policy | Cargor Bizkaia, SL","isPartOf":{"@id":"https:\/\/cargor.biz\/en\/#website"},"datePublished":"2022-02-10T09:16:13+00:00","dateModified":"2022-06-09T11:24:49+00:00","breadcrumb":{"@id":"https:\/\/cargor.biz\/en\/privacy-policy\/#breadcrumb"},"inLanguage":"en-US","potentialAction":[{"@type":"ReadAction","target":["https:\/\/cargor.biz\/en\/privacy-policy\/"]}]},{"@type":"BreadcrumbList","@id":"https:\/\/cargor.biz\/en\/privacy-policy\/#breadcrumb","itemListElement":[{"@type":"ListItem","position":1,"name":"Portada","item":"https:\/\/cargor.biz\/en\/"},{"@type":"ListItem","position":2,"name":"Privacy Policy"}]},{"@type":"WebSite","@id":"https:\/\/cargor.biz\/en\/#website","url":"https:\/\/cargor.biz\/en\/","name":"Cargor Bizkaia, SL","description":"","potentialAction":[{"@type":"SearchAction","target":{"@type":"EntryPoint","urlTemplate":"https:\/\/cargor.biz\/en\/?s={search_term_string}"},"query-input":{"@type":"PropertyValueSpecification","valueRequired":true,"valueName":"search_term_string"}}],"inLanguage":"en-US"}]}},"_links":{"self":[{"href":"https:\/\/cargor.biz\/en\/wp-json\/wp\/v2\/pages\/16125","targetHints":{"allow":["GET"]}}],"collection":[{"href":"https:\/\/cargor.biz\/en\/wp-json\/wp\/v2\/pages"}],"about":[{"href":"https:\/\/cargor.biz\/en\/wp-json\/wp\/v2\/types\/page"}],"author":[{"embeddable":true,"href":"https:\/\/cargor.biz\/en\/wp-json\/wp\/v2\/users\/2"}],"replies":[{"embeddable":true,"href":"https:\/\/cargor.biz\/en\/wp-json\/wp\/v2\/comments?post=16125"}],"version-history":[{"count":4,"href":"https:\/\/cargor.biz\/en\/wp-json\/wp\/v2\/pages\/16125\/revisions"}],"predecessor-version":[{"id":16175,"href":"https:\/\/cargor.biz\/en\/wp-json\/wp\/v2\/pages\/16125\/revisions\/16175"}],"wp:attachment":[{"href":"https:\/\/cargor.biz\/en\/wp-json\/wp\/v2\/media?parent=16125"}],"curies":[{"name":"wp","href":"https:\/\/api.w.org\/{rel}","templated":true}]}}